{"id":29,"date":"2020-08-28T20:58:55","date_gmt":"2020-08-28T18:58:55","guid":{"rendered":"http:\/\/lamanne.info\/?page_id=29"},"modified":"2020-09-07T15:07:44","modified_gmt":"2020-09-07T13:07:44","slug":"actualites","status":"publish","type":"page","link":"https:\/\/lamanne.info\/index.php\/actualites\/","title":{"rendered":"Actualit\u00e9s"},"content":{"rendered":"\n<p><strong>Octobre 2020<\/strong><\/p>\n\n\n\n<p>Apr\u00e8s le Bassin minier, la MANNE se d\u00e9ploie sur le littoral du Pas-de-Calais !<br>C&#8217;est sur le territoire historique des Anges Gardins que cette nouvelle MANNE va voir le jour.<br>Soutenue par la <a rel=\"noreferrer noopener\" href=\"http:\/\/www.ccra.fr\" data-type=\"URL\" data-id=\"www.ccra.fr\" target=\"_blank\">Communaut\u00e9 de Communes de la R\u00e9gion d&#8217;Audruicq<\/a>, la MANNE Littoral sera tout aussi valable sur le territoire du Bassin minier et inversement.<br>Elle illustre l&#8217;histoire du territoire, de sa culture par les hommes d&#8217;\u00e9glise \u00e0 sa vie d&#8217;aujourd&#8217;hui, en passant par l&#8217;iconique chicor\u00e9e. Elle met en valeur les beaut\u00e9s de ses paysages conquis sur la mer et qui accueillent une belle biodiversit\u00e9.<\/p>\n\n\n\n<figure class=\"wp-block-image size-large\"><img loading=\"lazy\" width=\"1024\" height=\"512\" src=\"http:\/\/lamanne.info\/wp-content\/uploads\/2020\/08\/Manne_Audruicq-V4-1-1024x512.jpg\" alt=\"\" class=\"wp-image-63\" srcset=\"https:\/\/lamanne.info\/wp-content\/uploads\/2020\/08\/Manne_Audruicq-V4-1-1024x512.jpg 1024w, https:\/\/lamanne.info\/wp-content\/uploads\/2020\/08\/Manne_Audruicq-V4-1-300x150.jpg 300w, https:\/\/lamanne.info\/wp-content\/uploads\/2020\/08\/Manne_Audruicq-V4-1-768x384.jpg 768w, https:\/\/lamanne.info\/wp-content\/uploads\/2020\/08\/Manne_Audruicq-V4-1-1536x768.jpg 1536w, https:\/\/lamanne.info\/wp-content\/uploads\/2020\/08\/Manne_Audruicq-V4-1-2048x1024.jpg 2048w\" sizes=\"(max-width: 767px) 89vw, (max-width: 1000px) 54vw, (max-width: 1071px) 543px, 580px\" \/><\/figure>\n","protected":false},"excerpt":{"rendered":"<p>Octobre 2020 Apr\u00e8s le Bassin minier, la MANNE se d\u00e9ploie sur le littoral du Pas-de-Calais !C&#8217;est sur le territoire historique des Anges Gardins que cette nouvelle MANNE va voir le jour.Soutenue par la Communaut\u00e9 de Communes de la R\u00e9gion d&#8217;Audruicq, la MANNE Littoral sera tout aussi valable sur le territoire du Bassin minier et inversement.Elle &hellip; <\/p>\n<p class=\"link-more\"><a href=\"https:\/\/lamanne.info\/index.php\/actualites\/\" class=\"more-link\">Continue reading<span class=\"screen-reader-text\"> &#8220;Actualit\u00e9s&#8221;<\/span><\/a><\/p>\n","protected":false},"author":1,"featured_media":0,"parent":0,"menu_order":0,"comment_status":"closed","ping_status":"closed","template":"","meta":[],"_links":{"self":[{"href":"https:\/\/lamanne.info\/index.php\/wp-json\/wp\/v2\/pages\/29"}],"collection":[{"href":"https:\/\/lamanne.info\/index.php\/wp-json\/wp\/v2\/pages"}],"about":[{"href":"https:\/\/lamanne.info\/index.php\/wp-json\/wp\/v2\/types\/page"}],"author":[{"embeddable":true,"href":"https:\/\/lamanne.info\/index.php\/wp-json\/wp\/v2\/users\/1"}],"replies":[{"embeddable":true,"href":"https:\/\/lamanne.info\/index.php\/wp-json\/wp\/v2\/comments?post=29"}],"version-history":[{"count":3,"href":"https:\/\/lamanne.info\/index.php\/wp-json\/wp\/v2\/pages\/29\/revisions"}],"predecessor-version":[{"id":68,"href":"https:\/\/lamanne.info\/index.php\/wp-json\/wp\/v2\/pages\/29\/revisions\/68"}],"wp:attachment":[{"href":"https:\/\/lamanne.info\/index.php\/wp-json\/wp\/v2\/media?parent=29"}],"curies":[{"name":"wp","href":"https:\/\/api.w.org\/{rel}","templated":true}]}}